{"id":33,"date":"2023-04-11T17:45:43","date_gmt":"2023-04-11T15:45:43","guid":{"rendered":"https:\/\/ambasciatapraga.esteri.it\/?page_id=33"},"modified":"2023-04-11T17:45:43","modified_gmt":"2023-04-11T15:45:43","slug":"dall_ambasciata","status":"publish","type":"page","link":"https:\/\/ambmanagua.esteri.it\/it\/news\/dall_ambasciata\/","title":{"rendered":"Dall&#8217;Ambasciata"},"content":{"rendered":"        <div class=\"row\">\n\t\t\t<!-- Ricerca sedi post -->\n\t\t\t<div class=\"col-12 mt-4\">\n\t\t\t  <div class=\"callout callout-highlight note ricerca-esteri p-4\">\n                    <div class=\"callout-title\">\n                        <svg class=\"icon\">\n                            <use xlink:href=\"https:\/\/ambmanagua.esteri.it\/wp-content\/themes\/sedi-tema\/assets\/svg\/sprites.svg#it-search\"><\/use>\n                        <\/svg>Inserisci i parametri di ricerca                    <\/div>\n                    <form id=\"searchFormPost\" name=\"form-search-post\" class=\"form-row align-items-center\" action=\"https:\/\/ambmanagua.esteri.it\/it\/wp-json\/wp\/v2\/pages\/33\/\" method=\"GET\"> \n                        <!-- <div class=\"form-group pt-5\"> -->\n                            <!-- <input type=\"hidden\" id=\"lang\" name=\"lang\" value=\"\"> --> <!-- <\/div> -->\n\n                        <div class=\"it-datepicker-wrapper\">\n                            <div class=\"row\">\n                                <div class=\"form-group col-md-6\">\n                                    <label class=\"active\" for=\"date-init\">Dal<\/label>\n                                    <input class=\"form-control\" name=\"date-init\" id=\"date-init\" type=\"date\" placeholder=\"gg\/mm\/aaaa\" value=\"\"lang=\"en-EN\">  \n                                <\/div>\n                                <div class=\"form-group col-md-6\">\n                                    <label class=\"active\" for=\"date-end\">Al<\/label>\n                                    <input class=\"form-control\" name=\"date-end\" id=\"date-end\" type=\"date\" placeholder=\"gg\/mm\/aaaa\" value=\"\">\n                                <\/div>\n                            <\/div>\n                        <\/div>\n                        <div class=\"form-group col-md-12 mt-3\">\n                            <label for=\"searchText\">Campo ricerca libera<\/label>\n                            <input type=\"text\" name=\"searchText\" class=\"form-control\" id=\"searchText\" value=\"\">\n                        <\/div>\n                        <div class=\"form-group col-md-4 offset-md-8 text-end\">\n                            <a href=\"https:\/\/ambmanagua.esteri.it\/it\/news\/dall_ambasciata\/\" title=\"Form reset\" id=\"resetImput\" class=\"btn btn-outline-primary btn-xs\">Reset<\/a>\n                            <button type=\"submit\" class=\"btn btn-primary btn-xs\">Mostra risultati<\/button>\n                        <\/div>\n                    <\/form>\n\t\t\t\t<\/div>\n\t\t\t<\/div>\n\t\t<\/div>\n                    \n            <div class=\"row\">\n                            <div class=\"col-12 mt-3\">\n                <!--start card-->\n                <div class=\"card-wrapper card-space\">\n                    <div class=\"card card-bg card-big border-bottom-card\">\n                        <div class=\"card-body \">\n                                                        <div class=\"category-top\">\n                                                                                                            <span class=\"\">\n                                        <svg class=\"icon icon-secondary\">\n                                            <use xlink:href=\"https:\/\/ambmanagua.esteri.it\/wp-content\/themes\/sedi-tema\/assets\/svg\/sprites.svg#it-calendar\"><\/use>\n                                        <\/svg> 14 Agosto 2026                                    <\/span>\n                                                                    <\/div>\n                            <h5 class=\"card-title big-heading text-uppercase\"><a class=\"text-body text-decoration-none\" href=\"https:\/\/ambmanagua.esteri.it\/it\/news\/dall_ambasciata\/2026\/08\/avviso-di-assunzione-di-impiegato-a-contratto-temporaneo-2\/\" title=\"AVVISO DI ASSUNZIONE DI IMPIEGATO A CONTRATTO TEMPORANEO\">AVVISO DI ASSUNZIONE DI IMPIEGATO A CONTRATTO TEMPORANEO<\/a><\/h5>\n                            <p class=\"card-text\">L\u2019Ambasciata d\u2019Italia in Nicaragua intende assumere n. 1 impiegato da adibire ai servizi di Autista-Commesso-Centralinista, con contratto a tempo determinato della durata di 6 mesi. Le candidature dovranno essere presentate entro e non oltre le ore 13.00 del giorno 21 agosto 2026. Per scaricare l\u2019avviso clicca qui.<\/p>\n                                <a title=\"AVVISO DI ASSUNZIONE DI IMPIEGATO A CONTRATTO TEMPORANEO\" class=\"read-more\" href=\"https:\/\/ambmanagua.esteri.it\/it\/news\/dall_ambasciata\/2026\/08\/avviso-di-assunzione-di-impiegato-a-contratto-temporaneo-2\/\">\n                                    <span class=\"text\">Leggi di pi\u00f9<\/span>\n                                    <svg class=\"icon\">\n                                    <use xlink:href=\"https:\/\/ambmanagua.esteri.it\/wp-content\/themes\/sedi-tema\/assets\/svg\/sprites.svg#it-arrow-right\"><\/use>\n                                    <\/svg>\n                                <\/a>\n                                                    <\/div>\n                    <\/div>\n                <\/div>\n                <!--end card-->\n                <\/div><!-- col-12 .mt-3-->\n                            <div class=\"col-12 mt-3\">\n                <!--start card-->\n                <div class=\"card-wrapper card-space\">\n                    <div class=\"card card-bg card-big border-bottom-card\">\n                        <div class=\"card-body \">\n                                                        <div class=\"category-top\">\n                                                                                                            <span class=\"\">\n                                        <svg class=\"icon icon-secondary\">\n                                            <use xlink:href=\"https:\/\/ambmanagua.esteri.it\/wp-content\/themes\/sedi-tema\/assets\/svg\/sprites.svg#it-calendar\"><\/use>\n                                        <\/svg> 7 Agosto 2026                                    <\/span>\n                                                                    <\/div>\n                            <h5 class=\"card-title big-heading text-uppercase\"><a class=\"text-body text-decoration-none\" href=\"https:\/\/ambmanagua.esteri.it\/it\/news\/dall_ambasciata\/2026\/08\/giornata-nazionale-del-sacrificio-del-lavoro-italiano-nel-mondo-70-anniversario-della-tragedia-di-marcinelle\/\" title=\"Giornata Nazionale del Sacrificio del Lavoro Italiano nel Mondo \u2013 70\u00b0 anniversario della tragedia di Marcinelle\">Giornata Nazionale del Sacrificio del Lavoro Italiano nel Mondo \u2013 70\u00b0 anniversario della tragedia di Marcinelle<\/a><\/h5>\n                            <p class=\"card-text\">L\u20198 agosto si celebra la \u201cGiornata nazionale del sacrificio del lavoro italiano nel mondo\u201d, che coincide con la commemorazione dell\u2019incidente minerario di Marcinelle, in Belgio, ove nel 1956, presso la miniera del Bois du Cazier, persero la vita 262 minatori, tra cui 136 italiani. Per l\u2019occasione, il Vice Presidente del Consiglio e Ministro degli Affari [&hellip;]<\/p>\n                                <a title=\"Giornata Nazionale del Sacrificio del Lavoro Italiano nel Mondo \u2013 70\u00b0 anniversario della tragedia di Marcinelle\" class=\"read-more\" href=\"https:\/\/ambmanagua.esteri.it\/it\/news\/dall_ambasciata\/2026\/08\/giornata-nazionale-del-sacrificio-del-lavoro-italiano-nel-mondo-70-anniversario-della-tragedia-di-marcinelle\/\">\n                                    <span class=\"text\">Leggi di pi\u00f9<\/span>\n                                    <svg class=\"icon\">\n                                    <use xlink:href=\"https:\/\/ambmanagua.esteri.it\/wp-content\/themes\/sedi-tema\/assets\/svg\/sprites.svg#it-arrow-right\"><\/use>\n                                    <\/svg>\n                                <\/a>\n                                                    <\/div>\n                    <\/div>\n                <\/div>\n                <!--end card-->\n                <\/div><!-- col-12 .mt-3-->\n                            <div class=\"col-12 mt-3\">\n                <!--start card-->\n                <div class=\"card-wrapper card-space\">\n                    <div class=\"card card-bg card-big border-bottom-card\">\n                        <div class=\"card-body \">\n                                                        <div class=\"category-top\">\n                                                                                                            <span class=\"\">\n                                        <svg class=\"icon icon-secondary\">\n                                            <use xlink:href=\"https:\/\/ambmanagua.esteri.it\/wp-content\/themes\/sedi-tema\/assets\/svg\/sprites.svg#it-calendar\"><\/use>\n                                        <\/svg> 30 Luglio 2026                                    <\/span>\n                                                                    <\/div>\n                            <h5 class=\"card-title big-heading text-uppercase\"><a class=\"text-body text-decoration-none\" href=\"https:\/\/ambmanagua.esteri.it\/it\/news\/dall_ambasciata\/2026\/07\/carte-didentita-elettroniche-validita-illimitata-delle-cie-emesse-in-favore-di-cittadini-ultrasettantenni\/\" title=\"Carte d&#8217;Identit\u00e0 Elettroniche. Validit\u00e0 illimitata delle CIE emesse in favore di cittadini ultrasettantenni\">Carte d&#8217;Identit\u00e0 Elettroniche. Validit\u00e0 illimitata delle CIE emesse in favore di cittadini ultrasettantenni<\/a><\/h5>\n                            <p class=\"card-text\">A decorrere dal 30 luglio 2026\u00a0 la Carta d\u2019Identit\u00e0 Elettronica rilasciata ai cittadini di et\u00e0 pari o superiore ai settanta anni al momento della richiesta di emissione avr\u00e0 validit\u00e0 illimitata, restando utilizzabile ai fini dell\u2019espatrio. In altri termini, il cittadino ultrasettantenne in cui favore sia stata rilasciata una CIE dopo il 30 luglio non sar\u00e0 [&hellip;]<\/p>\n                                <a title=\"Carte d&#8217;Identit\u00e0 Elettroniche. Validit\u00e0 illimitata delle CIE emesse in favore di cittadini ultrasettantenni\" class=\"read-more\" href=\"https:\/\/ambmanagua.esteri.it\/it\/news\/dall_ambasciata\/2026\/07\/carte-didentita-elettroniche-validita-illimitata-delle-cie-emesse-in-favore-di-cittadini-ultrasettantenni\/\">\n                                    <span class=\"text\">Leggi di pi\u00f9<\/span>\n                                    <svg class=\"icon\">\n                                    <use xlink:href=\"https:\/\/ambmanagua.esteri.it\/wp-content\/themes\/sedi-tema\/assets\/svg\/sprites.svg#it-arrow-right\"><\/use>\n                                    <\/svg>\n                                <\/a>\n                                                    <\/div>\n                    <\/div>\n                <\/div>\n                <!--end card-->\n                <\/div><!-- col-12 .mt-3-->\n                            <div class=\"col-12 mt-3\">\n                <!--start card-->\n                <div class=\"card-wrapper card-space\">\n                    <div class=\"card card-bg card-big border-bottom-card\">\n                        <div class=\"card-body \">\n                                                        <div class=\"category-top\">\n                                                                                                            <span class=\"\">\n                                        <svg class=\"icon icon-secondary\">\n                                            <use xlink:href=\"https:\/\/ambmanagua.esteri.it\/wp-content\/themes\/sedi-tema\/assets\/svg\/sprites.svg#it-calendar\"><\/use>\n                                        <\/svg> 14 Luglio 2026                                    <\/span>\n                                                                    <\/div>\n                            <h5 class=\"card-title big-heading text-uppercase\"><a class=\"text-body text-decoration-none\" href=\"https:\/\/ambmanagua.esteri.it\/it\/news\/dall_ambasciata\/2026\/07\/cessazione-della-validita-della-carta-didentita-cartacea-per-lespatrio-dal-3-agosto\/\" title=\"CESSAZIONE DELLA VALIDIT\u00c0 DELLA CARTA D\u2019IDENTIT\u00c0 CARTACEA PER L\u2019ESPATRIO DAL 3 AGOSTO 2026.\">CESSAZIONE DELLA VALIDIT\u00c0 DELLA CARTA D\u2019IDENTIT\u00c0 CARTACEA PER L\u2019ESPATRIO DAL 3 AGOSTO 2026.<\/a><\/h5>\n                            <p class=\"card-text\">A partire dal 3 agosto 2026 la versione cartacea della carta di identit\u00e0 cesser\u00e0 di essere valida per l\u2019espatrio, indipendentemente dalla data di scadenza riportata sul retro. Il DL 26\/06\/2026 n.108 ha introdotto alcune modifiche importanti: La Carta d\u2019Identit\u00e0 Cartacea non scaduta pu\u00f2 essere utilizzata come strumento identificativo nei rapporti con la Pubblica Amministrazione italiana [&hellip;]<\/p>\n                                <a title=\"CESSAZIONE DELLA VALIDIT\u00c0 DELLA CARTA D\u2019IDENTIT\u00c0 CARTACEA PER L\u2019ESPATRIO DAL 3 AGOSTO 2026.\" class=\"read-more\" href=\"https:\/\/ambmanagua.esteri.it\/it\/news\/dall_ambasciata\/2026\/07\/cessazione-della-validita-della-carta-didentita-cartacea-per-lespatrio-dal-3-agosto\/\">\n                                    <span class=\"text\">Leggi di pi\u00f9<\/span>\n                                    <svg class=\"icon\">\n                                    <use xlink:href=\"https:\/\/ambmanagua.esteri.it\/wp-content\/themes\/sedi-tema\/assets\/svg\/sprites.svg#it-arrow-right\"><\/use>\n                                    <\/svg>\n                                <\/a>\n                                                    <\/div>\n                    <\/div>\n                <\/div>\n                <!--end card-->\n                <\/div><!-- col-12 .mt-3-->\n                            <div class=\"col-12 mt-3\">\n                <!--start card-->\n                <div class=\"card-wrapper card-space\">\n                    <div class=\"card card-bg card-big border-bottom-card\">\n                        <div class=\"card-body \">\n                                                        <div class=\"category-top\">\n                                                                                                            <span class=\"\">\n                                        <svg class=\"icon icon-secondary\">\n                                            <use xlink:href=\"https:\/\/ambmanagua.esteri.it\/wp-content\/themes\/sedi-tema\/assets\/svg\/sprites.svg#it-calendar\"><\/use>\n                                        <\/svg> 25 Giugno 2026                                    <\/span>\n                                                                    <\/div>\n                            <h5 class=\"card-title big-heading text-uppercase\"><a class=\"text-body text-decoration-none\" href=\"https:\/\/ambmanagua.esteri.it\/it\/news\/dall_ambasciata\/2026\/06\/3701\/\" title=\"BORSE DI STUDIO 2026\/2027 PER L&#8217;ACCADEMIA D&#8217;ARTI E MESTIERI DELLO SPETTACOLO TEATRO ALLA SCALA &#8211; GLOBAL MASTER IN PERFORMING ARTS MANAGEMENT\">BORSE DI STUDIO 2026\/2027 PER L&#8217;ACCADEMIA D&#8217;ARTI E MESTIERI DELLO SPETTACOLO TEATRO ALLA SCALA &#8211; GLOBAL MASTER IN PERFORMING ARTS MANAGEMENT<\/a><\/h5>\n                            <p class=\"card-text\">L\u2019Accademia d\u2019Arti e Mestieri dello Spettacolo Teatro alla Scala, in collaborazione con il\u00a0Politecnico di Milano, ha aperto le selezioni per il \u201cGlobal Master in Performing Arts Management\u201d, di durata annuale (Accademia d\u2019Arti e Mestieri dello Spettacolo \u2013 Ministero degli Affari Esteri e della Cooperazione Internazionale). Le selezioni sono aperte fino al\u00a030 settembre 2026 per i [&hellip;]<\/p>\n                                <a title=\"BORSE DI STUDIO 2026\/2027 PER L&#8217;ACCADEMIA D&#8217;ARTI E MESTIERI DELLO SPETTACOLO TEATRO ALLA SCALA &#8211; GLOBAL MASTER IN PERFORMING ARTS MANAGEMENT\" class=\"read-more\" href=\"https:\/\/ambmanagua.esteri.it\/it\/news\/dall_ambasciata\/2026\/06\/3701\/\">\n                                    <span class=\"text\">Leggi di pi\u00f9<\/span>\n                                    <svg class=\"icon\">\n                                    <use xlink:href=\"https:\/\/ambmanagua.esteri.it\/wp-content\/themes\/sedi-tema\/assets\/svg\/sprites.svg#it-arrow-right\"><\/use>\n                                    <\/svg>\n                                <\/a>\n                                                    <\/div>\n                    <\/div>\n                <\/div>\n                <!--end card-->\n                <\/div><!-- col-12 .mt-3-->\n                            <div class=\"col-12 mt-3\">\n                <!--start card-->\n                <div class=\"card-wrapper card-space\">\n                    <div class=\"card card-bg card-big border-bottom-card\">\n                        <div class=\"card-body \">\n                                                        <div class=\"category-top\">\n                                                                                                            <span class=\"\">\n                                        <svg class=\"icon icon-secondary\">\n                                            <use xlink:href=\"https:\/\/ambmanagua.esteri.it\/wp-content\/themes\/sedi-tema\/assets\/svg\/sprites.svg#it-calendar\"><\/use>\n                                        <\/svg> 9 Giugno 2026                                    <\/span>\n                                                                    <\/div>\n                            <h5 class=\"card-title big-heading text-uppercase\"><a class=\"text-body text-decoration-none\" href=\"https:\/\/ambmanagua.esteri.it\/it\/news\/dall_ambasciata\/2026\/06\/avviso-di-assunzione-di-impiegato-a-contratto-temporaneo\/\" title=\"AVVISO DI ASSUNZIONE DI IMPIEGATO A CONTRATTO TEMPORANEO\">AVVISO DI ASSUNZIONE DI IMPIEGATO A CONTRATTO TEMPORANEO<\/a><\/h5>\n                            <p class=\"card-text\">L\u2019Ambasciata d\u2019Italia in Nicaragua intende assumere n. 1 impiegato da adibire ai servizi di Autista-Commesso-Centralinista, con contratto a tempo determinato della durata di 6 mesi. Le candidature dovranno essere presentate entro e non oltre le ore 13.00 del giorno 23 giugno 2026. Per scaricare l\u2019avviso clicca qui.<\/p>\n                                <a title=\"AVVISO DI ASSUNZIONE DI IMPIEGATO A CONTRATTO TEMPORANEO\" class=\"read-more\" href=\"https:\/\/ambmanagua.esteri.it\/it\/news\/dall_ambasciata\/2026\/06\/avviso-di-assunzione-di-impiegato-a-contratto-temporaneo\/\">\n                                    <span class=\"text\">Leggi di pi\u00f9<\/span>\n                                    <svg class=\"icon\">\n                                    <use xlink:href=\"https:\/\/ambmanagua.esteri.it\/wp-content\/themes\/sedi-tema\/assets\/svg\/sprites.svg#it-arrow-right\"><\/use>\n                                    <\/svg>\n                                <\/a>\n                                                    <\/div>\n                    <\/div>\n                <\/div>\n                <!--end card-->\n                <\/div><!-- col-12 .mt-3-->\n                            <div class=\"col-12 mt-3\">\n                <!--start card-->\n                <div class=\"card-wrapper card-space\">\n                    <div class=\"card card-bg card-big border-bottom-card\">\n                        <div class=\"card-body \">\n                                                        <div class=\"category-top\">\n                                                                                                            <span class=\"\">\n                                        <svg class=\"icon icon-secondary\">\n                                            <use xlink:href=\"https:\/\/ambmanagua.esteri.it\/wp-content\/themes\/sedi-tema\/assets\/svg\/sprites.svg#it-calendar\"><\/use>\n                                        <\/svg> 18 Maggio 2026                                    <\/span>\n                                                                    <\/div>\n                            <h5 class=\"card-title big-heading text-uppercase\"><a class=\"text-body text-decoration-none\" href=\"https:\/\/ambmanagua.esteri.it\/it\/news\/dall_ambasciata\/2026\/05\/giovani-expat-diamo-voce-ai-protagonisti-del-cambiamento\/\" title=\"Giovani Expat: diamo voce ai protagonisti del cambiamento\">Giovani Expat: diamo voce ai protagonisti del cambiamento<\/a><\/h5>\n                            <p class=\"card-text\">Il Consiglio Nazionale dell\u2019Economia e del Lavoro (CNEL) ha di recente avviato l\u2019iniziativa \u201cGiovani Expat: diamo voce ai protagonisti del cambiamento\u201d, volta a raccogliere le testimonianze dei giovani italiani tra i 18 e i 35 anni che studiano o lavorano all\u2019estero. L\u2019obiettivo del progetto \u00e8 comprendere pi\u00f9 a fondo le esperienze delle nuove generazioni che [&hellip;]<\/p>\n                                <a title=\"Giovani Expat: diamo voce ai protagonisti del cambiamento\" class=\"read-more\" href=\"https:\/\/ambmanagua.esteri.it\/it\/news\/dall_ambasciata\/2026\/05\/giovani-expat-diamo-voce-ai-protagonisti-del-cambiamento\/\">\n                                    <span class=\"text\">Leggi di pi\u00f9<\/span>\n                                    <svg class=\"icon\">\n                                    <use xlink:href=\"https:\/\/ambmanagua.esteri.it\/wp-content\/themes\/sedi-tema\/assets\/svg\/sprites.svg#it-arrow-right\"><\/use>\n                                    <\/svg>\n                                <\/a>\n                                                    <\/div>\n                    <\/div>\n                <\/div>\n                <!--end card-->\n                <\/div><!-- col-12 .mt-3-->\n                            <div class=\"col-12 mt-3\">\n                <!--start card-->\n                <div class=\"card-wrapper card-space\">\n                    <div class=\"card card-bg card-big border-bottom-card\">\n                        <div class=\"card-body \">\n                                                        <div class=\"category-top\">\n                                                                                                            <span class=\"\">\n                                        <svg class=\"icon icon-secondary\">\n                                            <use xlink:href=\"https:\/\/ambmanagua.esteri.it\/wp-content\/themes\/sedi-tema\/assets\/svg\/sprites.svg#it-calendar\"><\/use>\n                                        <\/svg> 24 Aprile 2026                                    <\/span>\n                                                                    <\/div>\n                            <h5 class=\"card-title big-heading text-uppercase\"><a class=\"text-body text-decoration-none\" href=\"https:\/\/ambmanagua.esteri.it\/it\/news\/dall_ambasciata\/2026\/04\/contributi-per-visite-di-ricercatori-docenti-esperti-personalita-e-operatori-culturali-esercizio-finanziario-2026\/\" title=\"CONTRIBUTI PER VISITE DI RICERCATORI, DOCENTI, ESPERTI, PERSONALIT\u00c0 E OPERATORI CULTURALI \u2013 ESERCIZIO FINANZIARIO 2026\">CONTRIBUTI PER VISITE DI RICERCATORI, DOCENTI, ESPERTI, PERSONALIT\u00c0 E OPERATORI CULTURALI \u2013 ESERCIZIO FINANZIARIO 2026<\/a><\/h5>\n                            <p class=\"card-text\">Per il 2026 il Ministero Affari Esteri e della Cooperazione Internazionale svilupper\u00e0 un programma per l\u2019erogazione di contributi per: finanziamento delle spese di viaggio e soggiorno di ricercatori, docenti, esperti, personalit\u00e0 della cultura e operatori culturali italiani o stranieri residenti in Italia da almeno due anni invitati all\u2019estero da Istituzioni universitarie o culturali straniere; contributi [&hellip;]<\/p>\n                                <a title=\"CONTRIBUTI PER VISITE DI RICERCATORI, DOCENTI, ESPERTI, PERSONALIT\u00c0 E OPERATORI CULTURALI \u2013 ESERCIZIO FINANZIARIO 2026\" class=\"read-more\" href=\"https:\/\/ambmanagua.esteri.it\/it\/news\/dall_ambasciata\/2026\/04\/contributi-per-visite-di-ricercatori-docenti-esperti-personalita-e-operatori-culturali-esercizio-finanziario-2026\/\">\n                                    <span class=\"text\">Leggi di pi\u00f9<\/span>\n                                    <svg class=\"icon\">\n                                    <use xlink:href=\"https:\/\/ambmanagua.esteri.it\/wp-content\/themes\/sedi-tema\/assets\/svg\/sprites.svg#it-arrow-right\"><\/use>\n                                    <\/svg>\n                                <\/a>\n                                                    <\/div>\n                    <\/div>\n                <\/div>\n                <!--end card-->\n                <\/div><!-- col-12 .mt-3-->\n                            <div class=\"col-12 mt-3\">\n                <!--start card-->\n                <div class=\"card-wrapper card-space\">\n                    <div class=\"card card-bg card-big border-bottom-card\">\n                        <div class=\"card-body \">\n                                                        <div class=\"category-top\">\n                                                                                                            <span class=\"\">\n                                        <svg class=\"icon icon-secondary\">\n                                            <use xlink:href=\"https:\/\/ambmanagua.esteri.it\/wp-content\/themes\/sedi-tema\/assets\/svg\/sprites.svg#it-calendar\"><\/use>\n                                        <\/svg> 8 Aprile 2026                                    <\/span>\n                                                                    <\/div>\n                            <h5 class=\"card-title big-heading text-uppercase\"><a class=\"text-body text-decoration-none\" href=\"https:\/\/ambmanagua.esteri.it\/it\/news\/dall_ambasciata\/2026\/04\/avviso-pubblico-per-manifestazioni-di-interesse-a-sponsorizzazione-eventi-2026\/\" title=\"AVVISO PUBBLICO PER MANIFESTAZIONI DI INTERESSE A SPONSORIZZAZIONE \u2013 EVENTI 2026\">AVVISO PUBBLICO PER MANIFESTAZIONI DI INTERESSE A SPONSORIZZAZIONE \u2013 EVENTI 2026<\/a><\/h5>\n                            <p class=\"card-text\">L\u2019Ambasciata d\u2019Italia a Managua avvia la raccolta di manifestazioni di interesse finalizzate a sostenere, mediante sponsorizzazioni, l\u2019organizzazione della Festa della Repubblica e di altri eventi istituzionali, culturali, economico-commerciali e scientifici che si svolgeranno nel corso dell\u2019anno 2026. Per informazioni dettagliate, si rimanda al documento consultabile al seguente link.<\/p>\n                                <a title=\"AVVISO PUBBLICO PER MANIFESTAZIONI DI INTERESSE A SPONSORIZZAZIONE \u2013 EVENTI 2026\" class=\"read-more\" href=\"https:\/\/ambmanagua.esteri.it\/it\/news\/dall_ambasciata\/2026\/04\/avviso-pubblico-per-manifestazioni-di-interesse-a-sponsorizzazione-eventi-2026\/\">\n                                    <span class=\"text\">Leggi di pi\u00f9<\/span>\n                                    <svg class=\"icon\">\n                                    <use xlink:href=\"https:\/\/ambmanagua.esteri.it\/wp-content\/themes\/sedi-tema\/assets\/svg\/sprites.svg#it-arrow-right\"><\/use>\n                                    <\/svg>\n                                <\/a>\n                                                    <\/div>\n                    <\/div>\n                <\/div>\n                <!--end card-->\n                <\/div><!-- col-12 .mt-3-->\n                            <div class=\"col-12 mt-3\">\n                <!--start card-->\n                <div class=\"card-wrapper card-space\">\n                    <div class=\"card card-bg card-big border-bottom-card\">\n                        <div class=\"card-body \">\n                                                        <div class=\"category-top\">\n                                                                                                            <span class=\"\">\n                                        <svg class=\"icon icon-secondary\">\n                                            <use xlink:href=\"https:\/\/ambmanagua.esteri.it\/wp-content\/themes\/sedi-tema\/assets\/svg\/sprites.svg#it-calendar\"><\/use>\n                                        <\/svg> 23 Febbraio 2026                                    <\/span>\n                                                                    <\/div>\n                            <h5 class=\"card-title big-heading text-uppercase\"><a class=\"text-body text-decoration-none\" href=\"https:\/\/ambmanagua.esteri.it\/it\/news\/dall_ambasciata\/2026\/02\/v-anniversario-della-scomparsa-dellambasciatore-luca-attanasio-del-carabiniere-scelto-vittorio-iacovacci-e-dellautista-mustapha-milambo\/\" title=\"V ANNIVERSARIO DELLA SCOMPARSA DELL&#8217;AMBASCIATORE LUCA ATTANASIO, DEL CARABINIERE SCELTO VITTORIO IACOVACCI E DELL&#8217;AUTISTA MUSTAPHA MILAMBO\">V ANNIVERSARIO DELLA SCOMPARSA DELL&#8217;AMBASCIATORE LUCA ATTANASIO, DEL CARABINIERE SCELTO VITTORIO IACOVACCI E DELL&#8217;AUTISTA MUSTAPHA MILAMBO<\/a><\/h5>\n                            <p class=\"card-text\">In data odierna, il personale dell\u2019Ambasciata ha osservato un minuto di silenzio in solenne raccoglimento, in occasione del quinto anniversario della scomparsa dell\u2019Ambasciatore Luca Attanasio, del Carabiniere scelto Vittorio Iacovacci e dell\u2019autista Mustapha Milambo.<\/p>\n                                <a title=\"V ANNIVERSARIO DELLA SCOMPARSA DELL&#8217;AMBASCIATORE LUCA ATTANASIO, DEL CARABINIERE SCELTO VITTORIO IACOVACCI E DELL&#8217;AUTISTA MUSTAPHA MILAMBO\" class=\"read-more\" href=\"https:\/\/ambmanagua.esteri.it\/it\/news\/dall_ambasciata\/2026\/02\/v-anniversario-della-scomparsa-dellambasciatore-luca-attanasio-del-carabiniere-scelto-vittorio-iacovacci-e-dellautista-mustapha-milambo\/\">\n                                    <span class=\"text\">Leggi di pi\u00f9<\/span>\n                                    <svg class=\"icon\">\n                                    <use xlink:href=\"https:\/\/ambmanagua.esteri.it\/wp-content\/themes\/sedi-tema\/assets\/svg\/sprites.svg#it-arrow-right\"><\/use>\n                                    <\/svg>\n                                <\/a>\n                                                    <\/div>\n                    <\/div>\n                <\/div>\n                <!--end card-->\n                <\/div><!-- col-12 .mt-3-->\n            \n            <div class=\"col-md-12 mt-4 pb-4\">\n                <nav class=\"navigation col-md-12\" aria-label=\"Navigation\">\n                    <h2 class=\"screen-reader-text visually-hidden\">Paginazione<\/h2>\n                    <div class=\"nav-links\">\n                    <span aria-current=\"page\" class=\"page-numbers current\">1<\/span>\n<a class=\"page-numbers\" href=\"https:\/\/ambmanagua.esteri.it\/it\/wp-json\/wp\/v2\/pages\/33\/?pag=2\">2<\/a>\n<a class=\"page-numbers\" href=\"https:\/\/ambmanagua.esteri.it\/it\/wp-json\/wp\/v2\/pages\/33\/?pag=3\">3<\/a>\n<span class=\"page-numbers dots\">&hellip;<\/span>\n<a class=\"page-numbers\" href=\"https:\/\/ambmanagua.esteri.it\/it\/wp-json\/wp\/v2\/pages\/33\/?pag=30\">30<\/a>\n<a class=\"next page-numbers\" href=\"https:\/\/ambmanagua.esteri.it\/it\/wp-json\/wp\/v2\/pages\/33\/?pag=2\"><svg class=\"icon icon-primary\"><use xlink:href=\"https:\/\/ambmanagua.esteri.it\/wp-content\/themes\/sedi-tema\/assets\/svg\/sprites.svg#it-chevron-right\"><\/use><\/svg>\n                                    <span class=\"visually-hidden\">Pagina successiva<\/span><\/a>                    <\/div>\n                <\/nav>\n            <\/div>   <!--.col-md-12 -->\n              <\/div><!--.row -->\n              \n","protected":false},"excerpt":{"rendered":"","protected":false},"author":1,"featured_media":0,"parent":16,"menu_order":0,"comment_status":"closed","ping_status":"closed","template":"","meta":{"footnotes":""},"class_list":["post-33","page","type-page","status-publish","hentry"],"_links":{"self":[{"href":"https:\/\/ambmanagua.esteri.it\/it\/wp-json\/wp\/v2\/pages\/33","targetHints":{"allow":["GET"]}}],"collection":[{"href":"https:\/\/ambmanagua.esteri.it\/it\/wp-json\/wp\/v2\/pages"}],"about":[{"href":"https:\/\/ambmanagua.esteri.it\/it\/wp-json\/wp\/v2\/types\/page"}],"author":[{"embeddable":true,"href":"https:\/\/ambmanagua.esteri.it\/it\/wp-json\/wp\/v2\/users\/1"}],"replies":[{"embeddable":true,"href":"https:\/\/ambmanagua.esteri.it\/it\/wp-json\/wp\/v2\/comments?post=33"}],"version-history":[{"count":1,"href":"https:\/\/ambmanagua.esteri.it\/it\/wp-json\/wp\/v2\/pages\/33\/revisions"}],"predecessor-version":[{"id":34,"href":"https:\/\/ambmanagua.esteri.it\/it\/wp-json\/wp\/v2\/pages\/33\/revisions\/34"}],"up":[{"embeddable":true,"href":"https:\/\/ambmanagua.esteri.it\/it\/wp-json\/wp\/v2\/pages\/16"}],"wp:attachment":[{"href":"https:\/\/ambmanagua.esteri.it\/it\/wp-json\/wp\/v2\/media?parent=33"}],"curies":[{"name":"wp","href":"https:\/\/api.w.org\/{rel}","templated":true}]}}